{"id":20,"date":"2019-09-07T21:38:54","date_gmt":"2019-09-07T19:38:54","guid":{"rendered":"https:\/\/enfermeradelbebe.com\/?page_id=20"},"modified":"2021-02-27T18:11:41","modified_gmt":"2021-02-27T17:11:41","slug":"inicio","status":"publish","type":"page","link":"https:\/\/enfermeradelbebe.com\/","title":{"rendered":"Inicio"},"content":{"rendered":"<p><div class=\"fusion-fullwidth fullwidth-box fusion-builder-row-1 nonhundred-percent-fullwidth non-hundred-percent-height-scrolling\" style=\"--awb-border-radius-top-left:0px;--awb-border-radius-top-right:0px;--awb-border-radius-bottom-right:0px;--awb-border-radius-bottom-left:0px;--awb-margin-top:0px;--awb-margin-bottom:0px;--awb-flex-wrap:wrap;\" ><div class=\"fusion-builder-row fusion-row\"><div class=\"fusion-layout-column fusion_builder_column fusion-builder-column-0 fusion_builder_column_1_1 1_1 fusion-one-full fusion-column-first fusion-column-last\" style=\"--awb-bg-size:cover;--awb-margin-bottom:0px;\"><div class=\"fusion-column-wrapper fusion-column-has-shadow fusion-flex-column-wrapper-legacy\"><div class=\"fusion-text fusion-text-1\"><p style=\"margin-bottom: 0; margin-top: -20px; color: #e382ba; font-size: 0.1em;\">Enfermera del beb\u00e9 &#8211; Colocaci\u00f3n de pendientes a beb\u00e9s a domicilio &#8211; Soluci\u00f3n y asesoramiento en c\u00f3licos del lactante &#8211; lactancia materna &#8211; cursos y consultas online<\/p>\n<\/div><div class=\"fusion-tabs fusion-tabs-1 classic nav-is-justified horizontal-tabs icon-position-left mobile-mode-accordion\" style=\"--awb-title-border-radius-top-left:0px;--awb-title-border-radius-top-right:0px;--awb-title-border-radius-bottom-right:0px;--awb-title-border-radius-bottom-left:0px;--awb-inactive-color:#444444;--awb-background-color:#38a9c0;--awb-border-color:#ebeaea;--awb-active-border-color:#38a9c0;\"><div class=\"nav\"><ul class=\"nav-tabs nav-justified\" role=\"tablist\" aria-orientation=\"horizontal\"><li class=\"active\" role=\"presentation\"><a class=\"tab-link\" data-toggle=\"tab\" role=\"tab\" aria-controls=\"tab-0f64c650c4ad66f95ac\" aria-selected=\"true\" tabindex=\"0\" id=\"fusion-tab-0f64c650c4ad66f95ac\" href=\"#tab-0f64c650c4ad66f95ac\"><h4 class=\"fusion-tab-heading\"><i class=\"fontawesome-icon fa-map-pin fas\" aria-hidden=\"true\" style=\"font-size:26px;\"><\/i>PENDIENTES<\/h4><\/a><\/li><li  role=\"presentation\"><a class=\"tab-link\" data-toggle=\"tab\" role=\"tab\" aria-controls=\"tab-c81df4b794cca2d790a\" aria-selected=\"false\" tabindex=\"-1\" id=\"fusion-tab-c81df4b794cca2d790a\" href=\"#tab-c81df4b794cca2d790a\"><h4 class=\"fusion-tab-heading\"><i class=\"fontawesome-icon fa-sad-cry far\" aria-hidden=\"true\" style=\"font-size:26px;\"><\/i>C\u00d3LICOS<\/h4><\/a><\/li><li  role=\"presentation\"><a class=\"tab-link\" data-toggle=\"tab\" role=\"tab\" aria-controls=\"tab-475335f3bd3c6fed30a\" aria-selected=\"false\" tabindex=\"-1\" id=\"fusion-tab-475335f3bd3c6fed30a\" href=\"#tab-475335f3bd3c6fed30a\"><h4 class=\"fusion-tab-heading\"><i class=\"fontawesome-icon fa-heart fas\" aria-hidden=\"true\" style=\"font-size:26px;\"><\/i>LACTANCIA<\/h4><\/a><\/li><li  role=\"presentation\"><a class=\"tab-link\" data-toggle=\"tab\" role=\"tab\" aria-controls=\"tab-140b6c4b8a4d80af4c4\" aria-selected=\"false\" tabindex=\"-1\" id=\"fusion-tab-140b6c4b8a4d80af4c4\" href=\"#tab-140b6c4b8a4d80af4c4\"><h4 class=\"fusion-tab-heading\"><i class=\"fontawesome-icon fa-graduation-cap fas\" aria-hidden=\"true\" style=\"font-size:26px;\"><\/i>CURSOS<\/h4><\/a><\/li><\/ul><\/div><div class=\"tab-content\"><div class=\"nav fusion-mobile-tab-nav\"><ul class=\"nav-tabs nav-justified\" role=\"tablist\" aria-orientation=\"horizontal\"><li class=\"active\" role=\"presentation\"><a class=\"tab-link\" data-toggle=\"tab\" role=\"tab\" aria-controls=\"tab-0f64c650c4ad66f95ac\" aria-selected=\"true\" tabindex=\"0\" id=\"mobile-fusion-tab-0f64c650c4ad66f95ac\" href=\"#tab-0f64c650c4ad66f95ac\"><h4 class=\"fusion-tab-heading\"><i class=\"fontawesome-icon fa-map-pin fas\" aria-hidden=\"true\" style=\"font-size:26px;\"><\/i>PENDIENTES<\/h4><\/a><\/li><\/ul><\/div><div class=\"tab-pane fade fusion-clearfix in active\" role=\"tabpanel\" tabindex=\"0\" aria-labelledby=\"fusion-tab-0f64c650c4ad66f95ac\" id=\"tab-0f64c650c4ad66f95ac\">\n<div class=\"djtabs-body-in djtabs-article-body-in\">\n<div class=\"djtabs-article-group djtabs-group-active\">\n<h3 class=\"djtabs-panel djtabs-panel-active djtabs-panel-article\"><span class=\"djtabs-panel-title\" title=\"Enfermera pedi\u00e1trica a domicilio\"> ENFERMERA PEDI\u00c1TRICA A DOMICILIO <\/span><\/h3>\n<div class=\"djtabs-article-content\">\n<p>Colocarle los pendientes a tu beb\u00e9 es una experiencia \u00fanica que s\u00f3lo realizar\u00e1s una vez en la vida. Hazlo con la m\u00e1xima seguridad, <strong>sin pistola<\/strong>, en la comodidad de tu hogar y de la manera m\u00e1s placentera para tu hija. El precio de la consulta es de 40\u20ac para Alicante y alrededores. Si deseas solicitar una consulta en otra localidad, por favor <a href=\"\/contacto\">cont\u00e1ctanos<\/a>.<\/p>\n<ul style=\"--awb-size:20px;--awb-iconcolor:#38a9c0;--awb-line-height:34px;--awb-icon-width:34px;--awb-icon-height:34px;--awb-icon-margin:14px;--awb-content-margin:48px;\" class=\"fusion-checklist fusion-checklist-1 fusion-checklist-default type-icons\"><li class=\"fusion-li-item\" style=\"\"><span class=\"icon-wrapper circle-no\"><i class=\"fusion-li-icon fa-check fas\" aria-hidden=\"true\"><\/i><\/span><div class=\"fusion-li-item-content\">Un servicio integral que no encontrar\u00e1s en farmacias u hospitales.<\/div><\/li><li class=\"fusion-li-item\" style=\"\"><span class=\"icon-wrapper circle-no\"><i class=\"fusion-li-icon fa-check fas\" aria-hidden=\"true\"><\/i><\/span><div class=\"fusion-li-item-content\">\n<p>Usamos los propios pendientes.<\/p>\n<\/div><\/li><li class=\"fusion-li-item\" style=\"\"><span class=\"icon-wrapper circle-no\"><i class=\"fusion-li-icon fa-check fas\" aria-hidden=\"true\"><\/i><\/span><div class=\"fusion-li-item-content\">\n<p>Tu beb\u00e9 siempre en tus brazos.<\/p>\n<\/div><\/li><li class=\"fusion-li-item\" style=\"\"><span class=\"icon-wrapper circle-no\"><i class=\"fusion-li-icon fa-check fas\" aria-hidden=\"true\"><\/i><\/span><div class=\"fusion-li-item-content\">\n<p>Sin sangrado, sin infecciones.<\/p>\n<\/div><\/li><li class=\"fusion-li-item\" style=\"\"><span class=\"icon-wrapper circle-no\"><i class=\"fusion-li-icon fa-check fas\" aria-hidden=\"true\"><\/i><\/span><div class=\"fusion-li-item-content\">\n<p>Sin pistola, sin dolor.<\/p>\n<\/div><\/li><li class=\"fusion-li-item\" style=\"\"><span class=\"icon-wrapper circle-no\"><i class=\"fusion-li-icon fa-check fas\" aria-hidden=\"true\"><\/i><\/span><div class=\"fusion-li-item-content\">\n<p>Damos respuesta a todas tus dudas y preguntas.<\/p>\n<\/div><\/li><\/ul>\n<\/div>\n<\/div>\n<\/div>\n<\/div><div class=\"nav fusion-mobile-tab-nav\"><ul class=\"nav-tabs nav-justified\" role=\"tablist\" aria-orientation=\"horizontal\"><li  role=\"presentation\"><a class=\"tab-link\" data-toggle=\"tab\" role=\"tab\" aria-controls=\"tab-c81df4b794cca2d790a\" aria-selected=\"false\" tabindex=\"-1\" id=\"mobile-fusion-tab-c81df4b794cca2d790a\" href=\"#tab-c81df4b794cca2d790a\"><h4 class=\"fusion-tab-heading\"><i class=\"fontawesome-icon fa-sad-cry far\" aria-hidden=\"true\" style=\"font-size:26px;\"><\/i>C\u00d3LICOS<\/h4><\/a><\/li><\/ul><\/div><div class=\"tab-pane fade fusion-clearfix\" role=\"tabpanel\" tabindex=\"0\" aria-labelledby=\"fusion-tab-c81df4b794cca2d790a\" id=\"tab-c81df4b794cca2d790a\">\n<div class=\"djtabs-body-in djtabs-article-body-in\">\n<div class=\"djtabs-article-group djtabs-group-active\">\n<h3 class=\"djtabs-panel djtabs-panel-active djtabs-panel-article\"><span class=\"djtabs-panel-title\" title=\"Enfermera pedi\u00e1trica a domicilio\">SOLUCIONES PARA EL C\u00d3LICO DEL LACTANTE <\/span><\/h3>\n<div class=\"djtabs-article-content\">\n<p>El c\u00f3lico del lactante se caracteriza por episodios de llanto agudo sin un origen aparente, que produce molestias y dolor a tu beb\u00e9, y sobre el que podemos ayudarte. Te ofrecemos una consulta de enfermer\u00eda pedi\u00e1trica sin prisas ni burocracias, y en un horario que se adapte a las necesidades de los padres. El precio de la consulta es de 35\u20ac para Alicante y alrededores. Si deseas solicitar una consulta en otra localidad, por favor <a href=\"\/contacto\">cont\u00e1ctanos<\/a>.<\/p>\n<ul style=\"--awb-size:20px;--awb-iconcolor:#38a9c0;--awb-line-height:34px;--awb-icon-width:34px;--awb-icon-height:34px;--awb-icon-margin:14px;--awb-content-margin:48px;\" class=\"fusion-checklist fusion-checklist-2 fusion-checklist-default type-icons\">\n<li class=\"fusion-li-item\" style=\"\"><span class=\"icon-wrapper circle-no\"><i class=\"fusion-li-icon fa-check fas\" aria-hidden=\"true\"><\/i><\/span><div class=\"fusion-li-item-content\">\n<p>Encuentra respuestas a tus dudas.<\/p>\n<\/div><\/li><li class=\"fusion-li-item\" style=\"\"><span class=\"icon-wrapper circle-no\"><i class=\"fusion-li-icon fa-check fas\" aria-hidden=\"true\"><\/i><\/span><div class=\"fusion-li-item-content\">\n<p>Masajes anti c\u00f3licos.<\/p>\n<\/div><\/li><li class=\"fusion-li-item\" style=\"\"><span class=\"icon-wrapper circle-no\"><i class=\"fusion-li-icon fa-check fas\" aria-hidden=\"true\"><\/i><\/span><div class=\"fusion-li-item-content\">\n<p>Consejos de alimentaci\u00f3n para la mam\u00e1.<\/p>\n<\/div><\/li><li class=\"fusion-li-item\" style=\"\"><span class=\"icon-wrapper circle-no\"><i class=\"fusion-li-icon fa-check fas\" aria-hidden=\"true\"><\/i><\/span><div class=\"fusion-li-item-content\">\n<p>Informaci\u00f3n sobre homeopat\u00eda y probi\u00f3ticos para c\u00f3licos.<\/p>\n<\/div><\/li><li class=\"fusion-li-item\" style=\"\"><span class=\"icon-wrapper circle-no\"><i class=\"fusion-li-icon fa-check fas\" aria-hidden=\"true\"><\/i><\/span><div class=\"fusion-li-item-content\">\n<p>Aprende a calmar a tu beb\u00e9.<\/p>\n<\/div><\/li><li class=\"fusion-li-item\" style=\"\"><span class=\"icon-wrapper circle-no\"><i class=\"fusion-li-icon fa-check fas\" aria-hidden=\"true\"><\/i><\/span><div class=\"fusion-li-item-content\">\n<p>Mejora tu tiempo de descanso.<\/p>\n<\/div><\/li><\/ul>\n<\/div>\n<\/div>\n<\/div>\n<\/div><div class=\"nav fusion-mobile-tab-nav\"><ul class=\"nav-tabs nav-justified\" role=\"tablist\" aria-orientation=\"horizontal\"><li  role=\"presentation\"><a class=\"tab-link\" data-toggle=\"tab\" role=\"tab\" aria-controls=\"tab-475335f3bd3c6fed30a\" aria-selected=\"false\" tabindex=\"-1\" id=\"mobile-fusion-tab-475335f3bd3c6fed30a\" href=\"#tab-475335f3bd3c6fed30a\"><h4 class=\"fusion-tab-heading\"><i class=\"fontawesome-icon fa-heart fas\" aria-hidden=\"true\" style=\"font-size:26px;\"><\/i>LACTANCIA<\/h4><\/a><\/li><\/ul><\/div><div class=\"tab-pane fade fusion-clearfix\" role=\"tabpanel\" tabindex=\"0\" aria-labelledby=\"fusion-tab-475335f3bd3c6fed30a\" id=\"tab-475335f3bd3c6fed30a\">\n<div class=\"djtabs-body-in djtabs-article-body-in\">\n<div class=\"djtabs-article-group djtabs-group-active\">\n<h3 class=\"djtabs-panel djtabs-panel-active djtabs-panel-article\"><span class=\"djtabs-panel-title\" title=\"Enfermera pedi\u00e1trica a domicilio\">LACTANCIA MATERNA FELIZ<\/span><\/h3>\n<div class=\"djtabs-article-content\">\n<p>La lactancia materna es el mejor alimento que una madre puede ofrecer a su hijo, no solo por los componentes beneficiosos que contiene la leche materna sino tambi\u00e9n por la creaci\u00f3n del v\u00ednculo afectivo que se produce entre el reci\u00e9n nacido y la madre, considerado como una experiencia \u00fanica e inolvidable. El precio de la consulta es de 35\u20ac para Alicante y alrededores. Si deseas solicitar una consulta en otra localidad, por favor <a href=\"\/contacto\">cont\u00e1ctanos<\/a>.<\/p>\n<ul style=\"--awb-size:20px;--awb-iconcolor:#38a9c0;--awb-line-height:34px;--awb-icon-width:34px;--awb-icon-height:34px;--awb-icon-margin:14px;--awb-content-margin:48px;\" class=\"fusion-checklist fusion-checklist-3 fusion-checklist-default type-icons\"><li class=\"fusion-li-item\" style=\"\"><span class=\"icon-wrapper circle-no\"><i class=\"fusion-li-icon fa-check fas\" aria-hidden=\"true\"><\/i><\/span><div class=\"fusion-li-item-content\">Profesionales colegiados.<\/div><\/li><li class=\"fusion-li-item\" style=\"\"><span class=\"icon-wrapper circle-no\"><i class=\"fusion-li-icon fa-check fas\" aria-hidden=\"true\"><\/i><\/span><div class=\"fusion-li-item-content\">\n<p>A\u00f1os de experiencia.<\/p>\n<\/div><\/li><li class=\"fusion-li-item\" style=\"\"><span class=\"icon-wrapper circle-no\"><i class=\"fusion-li-icon fa-check fas\" aria-hidden=\"true\"><\/i><\/span><div class=\"fusion-li-item-content\">\n<p>En la intimidad de tu domicilio.<\/p>\n<\/div><\/li><li class=\"fusion-li-item\" style=\"\"><span class=\"icon-wrapper circle-no\"><i class=\"fusion-li-icon fa-check fas\" aria-hidden=\"true\"><\/i><\/span><div class=\"fusion-li-item-content\">\n<p>Atenci\u00f3n integral y personalizada.<\/p>\n<\/div><\/li><li class=\"fusion-li-item\" style=\"\"><span class=\"icon-wrapper circle-no\"><i class=\"fusion-li-icon fa-check fas\" aria-hidden=\"true\"><\/i><\/span><div class=\"fusion-li-item-content\">\n<p>Expectativas y realidad.<\/p>\n<\/div><\/li><li class=\"fusion-li-item\" style=\"\"><span class=\"icon-wrapper circle-no\"><i class=\"fusion-li-icon fa-check fas\" aria-hidden=\"true\"><\/i><\/span><div class=\"fusion-li-item-content\">\n<p>Evita la culpa y depresi\u00f3n.<\/p>\n<\/div><\/li><li class=\"fusion-li-item\" style=\"\"><span class=\"icon-wrapper circle-no\"><i class=\"fusion-li-icon fa-check fas\" aria-hidden=\"true\"><\/i><\/span><div class=\"fusion-li-item-content\">\n<p>Aprende a saber con certeza que tu beb\u00e9 se alimenta correctamente.<\/p>\n<\/div><\/li><\/ul>\n<\/div>\n<\/div>\n<\/div>\n<\/div><div class=\"nav fusion-mobile-tab-nav\"><ul class=\"nav-tabs nav-justified\" role=\"tablist\" aria-orientation=\"horizontal\"><li  role=\"presentation\"><a class=\"tab-link\" data-toggle=\"tab\" role=\"tab\" aria-controls=\"tab-140b6c4b8a4d80af4c4\" aria-selected=\"false\" tabindex=\"-1\" id=\"mobile-fusion-tab-140b6c4b8a4d80af4c4\" href=\"#tab-140b6c4b8a4d80af4c4\"><h4 class=\"fusion-tab-heading\"><i class=\"fontawesome-icon fa-graduation-cap fas\" aria-hidden=\"true\" style=\"font-size:26px;\"><\/i>CURSOS<\/h4><\/a><\/li><\/ul><\/div><div class=\"tab-pane fade fusion-clearfix\" role=\"tabpanel\" tabindex=\"0\" aria-labelledby=\"fusion-tab-140b6c4b8a4d80af4c4\" id=\"tab-140b6c4b8a4d80af4c4\">\n<div class=\"djtabs-body-in djtabs-article-body-in\">\n<div class=\"djtabs-article-group djtabs-group-active\">\n<h3 class=\"djtabs-panel djtabs-panel-active djtabs-panel-article\"><span class=\"djtabs-panel-title\" title=\"Enfermera pedi\u00e1trica a domicilio\">NUEVAS EXPERIENCIAS CON TU BEB\u00c9<\/span><\/h3>\n<div class=\"djtabs-article-content\">\n<p>Las dudas y la falta de experiencia son muy comunes en las madres y los padres, especialmente en los primerizos. Te proponemos una serie de cursos y talleres para que recibas toda la informaci\u00f3n necesaria, contrastada y actualizada, y as\u00ed saber c\u00f3mo cuidar a tu beb\u00e9 y disfrutar de cada momento que pas\u00e9is juntos.<\/p>\n<ul style=\"--awb-size:20px;--awb-iconcolor:#38a9c0;--awb-line-height:34px;--awb-icon-width:34px;--awb-icon-height:34px;--awb-icon-margin:14px;--awb-content-margin:48px;\" class=\"fusion-checklist fusion-checklist-4 fusion-checklist-default type-icons\"><li class=\"fusion-li-item\" style=\"\"><span class=\"icon-wrapper circle-no\"><i class=\"fusion-li-icon fa-check fas\" aria-hidden=\"true\"><\/i><\/span><div class=\"fusion-li-item-content\">Ba\u00f1os y cuidados de la piel y cord\u00f3n umbilical.<\/div><\/li><li class=\"fusion-li-item\" style=\"\"><span class=\"icon-wrapper circle-no\"><i class=\"fusion-li-icon fa-check fas\" aria-hidden=\"true\"><\/i><\/span><div class=\"fusion-li-item-content\">\n<p>Informaci\u00f3n integral sobre las vacunas y su aplicaci\u00f3n.<\/p>\n<\/div><\/li><li class=\"fusion-li-item\" style=\"\"><span class=\"icon-wrapper circle-no\"><i class=\"fusion-li-icon fa-check fas\" aria-hidden=\"true\"><\/i><\/span><div class=\"fusion-li-item-content\">\n<p>Gu\u00edas y ense\u00f1anza pr\u00e1ctica para una lactancia feliz.<\/p>\n<\/div><\/li><li class=\"fusion-li-item\" style=\"\"><span class=\"icon-wrapper circle-no\"><i class=\"fusion-li-icon fa-check fas\" aria-hidden=\"true\"><\/i><\/span><div class=\"fusion-li-item-content\">\n<p>Lavados nasales y cuidados del pecho materno.<\/p>\n<\/div><\/li><\/ul>\n<\/div>\n<\/div>\n<\/div>\n<\/div><\/div><\/div><div class=\"fusion-clearfix\"><\/div><\/div><\/div><\/div><\/div><div class=\"fusion-fullwidth fullwidth-box fusion-builder-row-2 nonhundred-percent-fullwidth non-hundred-percent-height-scrolling\" style=\"--awb-border-radius-top-left:0px;--awb-border-radius-top-right:0px;--awb-border-radius-bottom-right:0px;--awb-border-radius-bottom-left:0px;--awb-padding-right:4%;--awb-padding-left:4%;--awb-margin-top:0px;--awb-margin-bottom:0px;--awb-flex-wrap:wrap;\" ><div class=\"fusion-builder-row fusion-row\"><div class=\"fusion-layout-column fusion_builder_column fusion-builder-column-1 fusion_builder_column_1_1 1_1 fusion-one-full fusion-column-first fusion-column-last\" style=\"--awb-bg-size:cover;--awb-margin-bottom:0px;\"><div class=\"fusion-column-wrapper fusion-column-has-shadow fusion-flex-column-wrapper-legacy\"><div class=\"fusion-text fusion-text-2\"><h3 style=\"text-align: center;\">Algo sobre m\u00ed&#8230;<\/h3>\n<\/div><div class=\"fusion-clearfix\"><\/div><\/div><\/div><div class=\"fusion-layout-column fusion_builder_column fusion-builder-column-2 fusion_builder_column_1_5 1_5 fusion-one-fifth fusion-column-first\" style=\"--awb-bg-size:cover;width:20%;width:calc(20% - ( ( 4% ) * 0.2 ) );margin-right: 4%;\"><div class=\"fusion-column-wrapper fusion-column-has-shadow fusion-flex-column-wrapper-legacy\"><div class=\"fusion-image-element fusion-image-align-center in-legacy-container\" style=\"text-align:center;--awb-caption-title-font-family:var(--h2_typography-font-family);--awb-caption-title-font-weight:var(--h2_typography-font-weight);--awb-caption-title-font-style:var(--h2_typography-font-style);--awb-caption-title-size:var(--h2_typography-font-size);--awb-caption-title-transform:var(--h2_typography-text-transform);--awb-caption-title-line-height:var(--h2_typography-line-height);--awb-caption-title-letter-spacing:var(--h2_typography-letter-spacing);\"><div class=\"imageframe-align-center\"><span class=\" fusion-imageframe imageframe-none imageframe-1 hover-type-none\"><img decoding=\"async\" width=\"210\" height=\"252\" alt=\"Enfermera del Beb\u00e9 - Yolanda Mart\u00ednez\" title=\"Enfermera del Beb\u00e9 &#8211; Yolanda Mart\u00ednez\" src=\"https:\/\/enfermeradelbebe.com\/wp-content\/uploads\/2019\/09\/algo-de-mi.png\" class=\"img-responsive wp-image-51\" srcset=\"https:\/\/enfermeradelbebe.com\/wp-content\/uploads\/2019\/09\/algo-de-mi-200x240.png 200w, https:\/\/enfermeradelbebe.com\/wp-content\/uploads\/2019\/09\/algo-de-mi.png 210w\" sizes=\"(max-width: 800px) 100vw, 210px\" \/><\/span><\/div><\/div><div class=\"fusion-clearfix\"><\/div><\/div><\/div><div class=\"fusion-layout-column fusion_builder_column fusion-builder-column-3 fusion_builder_column_4_5 4_5 fusion-four-fifth fusion-column-last\" style=\"--awb-bg-size:cover;width:80%;width:calc(80% - ( ( 4% ) * 0.8 ) );\"><div class=\"fusion-column-wrapper fusion-column-has-shadow fusion-flex-column-wrapper-legacy\"><div class=\"fusion-text fusion-text-3\"><p>Mi nombre es <strong>Yolanda<\/strong>, soy diplomada en enfermer\u00eda por la Universidad de Alicante desde el a\u00f1o 1994. Obtuve la especialidad homologada oficialmente en Pediatr\u00eda. Adem\u00e1s de m\u00faltiples cursos de urgencia y cuidados materno-infantiles, obtuve la titulaci\u00f3n como educadora de masaje infantil por AEMI e IAIM. Mi labor durante estos 25 a\u00f1os de carrera se ha centrado en el \u00e1rea Maternal e Infantil. Durante los cinco primeros a\u00f1os de carrera trabaj\u00e9 en el \u00e1rea de urgencias de pediatr\u00eda y maternidad de diferentes hospitales de la comarca.<\/p>\n<p>A partir de 1999 inicie mi tr\u00e1nsito hacia la atenci\u00f3n primaria, tambi\u00e9n dedicada \u00edntegramente a las revisiones y vacunaciones de los lactantes y escolares. Fue durante esta etapa donde valore la necesidad de ofrecer informaci\u00f3n a los papis y mamis sobre los cuidados de su beb\u00e9 de una forma clara y emp\u00e1tica. Supongo que tambi\u00e9n influencio en mi labor el hecho de haber sido mam\u00e1 en aquellos a\u00f1os. Poco a poco he logrado emprender mi propia empresa como enfermera pedi\u00e1trica.<\/p>\n<p>Cre\u00e9 <strong>enfermeradelbebe.com<\/strong>, un nuevo servicio a domicilio donde se ofrecen cuidados postparto: asesoramiento y gu\u00eda durante la lactancia materna, colocaci\u00f3n de pendientes, soluciones para el c\u00f3lico del lactante, cursos y talleres de masaje infantil, yoga para beb\u00e9s\u2026<\/p>\n<p style=\"text-align: center;\"><strong>\u00a1Gracias por visitar mi sitio web!<\/strong><\/p>\n<\/div><div class=\"fusion-clearfix\"><\/div><\/div><\/div><\/div><\/div><div class=\"fusion-fullwidth fullwidth-box fusion-builder-row-3 fusion-flex-container nonhundred-percent-fullwidth non-hundred-percent-height-scrolling\" style=\"--awb-border-radius-top-left:0px;--awb-border-radius-top-right:0px;--awb-border-radius-bottom-right:0px;--awb-border-radius-bottom-left:0px;--awb-flex-wrap:wrap;\" ><div class=\"fusion-builder-row fusion-row fusion-flex-align-items-flex-start fusion-flex-content-wrap\" style=\"max-width:1996.8px;margin-left: calc(-4% \/ 2 );margin-right: calc(-4% \/ 2 );\"><div class=\"fusion-layout-column fusion_builder_column fusion-builder-column-4 fusion_builder_column_1_1 1_1 fusion-flex-column fusion-no-small-visibility\" style=\"--awb-bg-size:cover;--awb-width-large:100%;--awb-margin-top-large:0px;--awb-spacing-right-large:1.92%;--awb-margin-bottom-large:0px;--awb-spacing-left-large:1.92%;--awb-width-medium:100%;--awb-order-medium:0;--awb-spacing-right-medium:1.92%;--awb-spacing-left-medium:1.92%;--awb-width-small:100%;--awb-order-small:0;--awb-spacing-right-small:1.92%;--awb-spacing-left-small:1.92%;\"><div class=\"fusion-column-wrapper fusion-column-has-shadow fusion-flex-justify-content-flex-start fusion-content-layout-column\"><div class=\"fusion-separator fusion-full-width-sep\" style=\"align-self: center;margin-left: auto;margin-right: auto;margin-top:40px;width:100%;\"><\/div><\/div><\/div><div class=\"fusion-layout-column fusion_builder_column fusion-builder-column-5 fusion_builder_column_1_2 1_2 fusion-flex-column fusion-no-small-visibility\" style=\"--awb-bg-size:cover;--awb-width-large:50%;--awb-margin-top-large:0px;--awb-spacing-right-large:3.84%;--awb-margin-bottom-large:20px;--awb-spacing-left-large:3.84%;--awb-width-medium:100%;--awb-order-medium:0;--awb-spacing-right-medium:1.92%;--awb-spacing-left-medium:1.92%;--awb-width-small:100%;--awb-order-small:0;--awb-spacing-right-small:1.92%;--awb-spacing-left-small:1.92%;\"><div class=\"fusion-column-wrapper fusion-column-has-shadow fusion-flex-justify-content-flex-start fusion-content-layout-column\"><div class=\"fusion-text fusion-text-4\"><p style=\"text-align: right;\"><strong>MEDIDAS COVID-19<br \/>\n<\/strong>Cumplimos con la normativa indicada por la<\/p>\n<\/div><\/div><\/div><div class=\"fusion-layout-column fusion_builder_column fusion-builder-column-6 fusion_builder_column_1_2 1_2 fusion-flex-column fusion-no-small-visibility\" style=\"--awb-bg-size:cover;--awb-width-large:50%;--awb-margin-top-large:0px;--awb-spacing-right-large:3.84%;--awb-margin-bottom-large:20px;--awb-spacing-left-large:3.84%;--awb-width-medium:100%;--awb-order-medium:0;--awb-spacing-right-medium:1.92%;--awb-spacing-left-medium:1.92%;--awb-width-small:100%;--awb-order-small:0;--awb-spacing-right-small:1.92%;--awb-spacing-left-small:1.92%;\"><div class=\"fusion-column-wrapper fusion-column-has-shadow fusion-flex-justify-content-flex-start fusion-content-layout-column\"><div class=\"fusion-image-element\" style=\"text-align:left;--awb-margin-top:-28px;--awb-max-width:120px;--awb-caption-title-font-family:var(--h2_typography-font-family);--awb-caption-title-font-weight:var(--h2_typography-font-weight);--awb-caption-title-font-style:var(--h2_typography-font-style);--awb-caption-title-size:var(--h2_typography-font-size);--awb-caption-title-transform:var(--h2_typography-text-transform);--awb-caption-title-line-height:var(--h2_typography-line-height);--awb-caption-title-letter-spacing:var(--h2_typography-letter-spacing);\"><span class=\" fusion-imageframe imageframe-none imageframe-2 hover-type-none\"><img decoding=\"async\" width=\"230\" height=\"173\" alt=\"Enfermera del Beb\u00e9 - Yolanda Mart\u00ednez\" title=\"Enfermera del Beb\u00e9 &#8211; Yolanda Mart\u00ednez\" src=\"https:\/\/enfermeradelbebe.com\/wp-content\/uploads\/2021\/01\/stop-covid.png\" class=\"img-responsive wp-image-128\" srcset=\"https:\/\/enfermeradelbebe.com\/wp-content\/uploads\/2021\/01\/stop-covid-200x150.png 200w, https:\/\/enfermeradelbebe.com\/wp-content\/uploads\/2021\/01\/stop-covid.png 230w\" sizes=\"(max-width: 1024px) 100vw, (max-width: 640px) 100vw, 230px\" \/><\/span><\/div><\/div><\/div><div class=\"fusion-layout-column fusion_builder_column fusion-builder-column-7 fusion_builder_column_1_1 1_1 fusion-flex-column fusion-no-medium-visibility fusion-no-large-visibility\" style=\"--awb-bg-size:cover;--awb-width-large:100%;--awb-margin-top-large:0px;--awb-spacing-right-large:1.92%;--awb-margin-bottom-large:20px;--awb-spacing-left-large:1.92%;--awb-width-medium:100%;--awb-order-medium:0;--awb-spacing-right-medium:1.92%;--awb-spacing-left-medium:1.92%;--awb-width-small:100%;--awb-order-small:0;--awb-spacing-right-small:1.92%;--awb-spacing-left-small:1.92%;\"><div class=\"fusion-column-wrapper fusion-column-has-shadow fusion-flex-justify-content-flex-start fusion-content-layout-column\"><div class=\"fusion-separator fusion-full-width-sep\" style=\"align-self: center;margin-left: auto;margin-right: auto;margin-top:20px;width:100%;\"><\/div><div class=\"fusion-text fusion-text-5\"><p style=\"text-align: center;\"><strong>MEDIDAS COVID-19<br \/>\n<\/strong>Cumplimos con la normativa indicada por la<\/p>\n<\/div><div class=\"fusion-image-element\" style=\"text-align:center;--awb-max-width:160px;--awb-caption-title-font-family:var(--h2_typography-font-family);--awb-caption-title-font-weight:var(--h2_typography-font-weight);--awb-caption-title-font-style:var(--h2_typography-font-style);--awb-caption-title-size:var(--h2_typography-font-size);--awb-caption-title-transform:var(--h2_typography-text-transform);--awb-caption-title-line-height:var(--h2_typography-line-height);--awb-caption-title-letter-spacing:var(--h2_typography-letter-spacing);\"><span class=\" fusion-imageframe imageframe-none imageframe-3 hover-type-none\"><img decoding=\"async\" width=\"230\" height=\"173\" alt=\"Enfermera del Beb\u00e9 - Yolanda Mart\u00ednez\" title=\"Enfermera del Beb\u00e9 &#8211; Yolanda Mart\u00ednez\" src=\"https:\/\/enfermeradelbebe.com\/wp-content\/uploads\/2021\/01\/stop-covid.png\" class=\"img-responsive wp-image-128\" srcset=\"https:\/\/enfermeradelbebe.com\/wp-content\/uploads\/2021\/01\/stop-covid-200x150.png 200w, https:\/\/enfermeradelbebe.com\/wp-content\/uploads\/2021\/01\/stop-covid.png 230w\" sizes=\"(max-width: 1024px) 100vw, (max-width: 640px) 100vw, 230px\" \/><\/span><\/div><\/div><\/div><\/div><\/div><\/p>\n","protected":false},"excerpt":{"rendered":"","protected":false},"author":1,"featured_media":73,"parent":0,"menu_order":0,"comment_status":"closed","ping_status":"closed","template":"","meta":{"footnotes":""},"class_list":["post-20","page","type-page","status-publish","has-post-thumbnail","hentry"],"yoast_head":"<!-- This site is optimized with the Yoast SEO plugin v28.1 - https:\/\/yoast.com\/product\/yoast-seo-wordpress\/ -->\n<title>Enfermera del beb\u00e9 - Colocaci\u00f3n de pendientes - C\u00f3licos - Lactancia<\/title>\n<meta name=\"description\" content=\"Bienvenida a Enfermera del beb\u00e9. Coloco pendientes a beb\u00e9s con un m\u00e9todo manual y as\u00e9ptico, desplaz\u00e1ndome a domicilio en Alicante y alrededores.\" \/>\n<meta name=\"robots\" content=\"index, follow, max-snippet:-1, max-image-preview:large, max-video-preview:-1\" \/>\n<link rel=\"canonical\" href=\"https:\/\/enfermeradelbebe.com\/\" \/>\n<meta property=\"og:locale\" content=\"es_ES\" \/>\n<meta property=\"og:type\" content=\"article\" \/>\n<meta property=\"og:title\" content=\"Enfermera del beb\u00e9 - Colocaci\u00f3n de pendientes - C\u00f3licos - Lactancia\" \/>\n<meta property=\"og:description\" content=\"Bienvenida a Enfermera del beb\u00e9. Coloco pendientes a beb\u00e9s con un m\u00e9todo manual y as\u00e9ptico, desplaz\u00e1ndome a domicilio en Alicante y alrededores.\" \/>\n<meta property=\"og:url\" content=\"https:\/\/enfermeradelbebe.com\/\" \/>\n<meta property=\"og:site_name\" content=\"Enfermera del Beb\u00e9\" \/>\n<meta property=\"article:modified_time\" content=\"2021-02-27T17:11:41+00:00\" \/>\n<meta property=\"og:image\" content=\"https:\/\/enfermeradelbebe.com\/wp-content\/uploads\/2019\/09\/colocacion-de-pendientes.jpg\" \/>\n\t<meta property=\"og:image:width\" content=\"1920\" \/>\n\t<meta property=\"og:image:height\" content=\"1080\" \/>\n\t<meta property=\"og:image:type\" content=\"image\/jpeg\" \/>\n<meta name=\"twitter:card\" content=\"summary_large_image\" \/>\n<meta name=\"twitter:label1\" content=\"Tiempo de lectura\" \/>\n\t<meta name=\"twitter:data1\" content=\"19 minutos\" \/>\n<script type=\"application\/ld+json\" class=\"yoast-schema-graph\">{\"@context\":\"https:\\\/\\\/schema.org\",\"@graph\":[{\"@type\":\"WebPage\",\"@id\":\"https:\\\/\\\/enfermeradelbebe.com\\\/\",\"url\":\"https:\\\/\\\/enfermeradelbebe.com\\\/\",\"name\":\"Enfermera del beb\u00e9 - Colocaci\u00f3n de pendientes - C\u00f3licos - Lactancia\",\"isPartOf\":{\"@id\":\"https:\\\/\\\/enfermeradelbebe.com\\\/#website\"},\"primaryImageOfPage\":{\"@id\":\"https:\\\/\\\/enfermeradelbebe.com\\\/#primaryimage\"},\"image\":{\"@id\":\"https:\\\/\\\/enfermeradelbebe.com\\\/#primaryimage\"},\"thumbnailUrl\":\"https:\\\/\\\/enfermeradelbebe.com\\\/wp-content\\\/uploads\\\/2019\\\/09\\\/colocacion-de-pendientes.jpg\",\"datePublished\":\"2019-09-07T19:38:54+00:00\",\"dateModified\":\"2021-02-27T17:11:41+00:00\",\"description\":\"Bienvenida a Enfermera del beb\u00e9. Coloco pendientes a beb\u00e9s con un m\u00e9todo manual y as\u00e9ptico, desplaz\u00e1ndome a domicilio en Alicante y alrededores.\",\"breadcrumb\":{\"@id\":\"https:\\\/\\\/enfermeradelbebe.com\\\/#breadcrumb\"},\"inLanguage\":\"es\",\"potentialAction\":[{\"@type\":\"ReadAction\",\"target\":[\"https:\\\/\\\/enfermeradelbebe.com\\\/\"]}]},{\"@type\":\"ImageObject\",\"inLanguage\":\"es\",\"@id\":\"https:\\\/\\\/enfermeradelbebe.com\\\/#primaryimage\",\"url\":\"https:\\\/\\\/enfermeradelbebe.com\\\/wp-content\\\/uploads\\\/2019\\\/09\\\/colocacion-de-pendientes.jpg\",\"contentUrl\":\"https:\\\/\\\/enfermeradelbebe.com\\\/wp-content\\\/uploads\\\/2019\\\/09\\\/colocacion-de-pendientes.jpg\",\"width\":1920,\"height\":1080,\"caption\":\"Enfermera del beb\u00e9 - Colocaci\u00f3n de pendientes\"},{\"@type\":\"BreadcrumbList\",\"@id\":\"https:\\\/\\\/enfermeradelbebe.com\\\/#breadcrumb\",\"itemListElement\":[{\"@type\":\"ListItem\",\"position\":1,\"name\":\"Portada\",\"item\":\"https:\\\/\\\/enfermeradelbebe.com\\\/\"},{\"@type\":\"ListItem\",\"position\":2,\"name\":\"Inicio\"}]},{\"@type\":\"WebSite\",\"@id\":\"https:\\\/\\\/enfermeradelbebe.com\\\/#website\",\"url\":\"https:\\\/\\\/enfermeradelbebe.com\\\/\",\"name\":\"Enfermera del Beb\u00e9\",\"description\":\"Otro sitio realizado con WordPress\",\"potentialAction\":[{\"@type\":\"SearchAction\",\"target\":{\"@type\":\"EntryPoint\",\"urlTemplate\":\"https:\\\/\\\/enfermeradelbebe.com\\\/?s={search_term_string}\"},\"query-input\":{\"@type\":\"PropertyValueSpecification\",\"valueRequired\":true,\"valueName\":\"search_term_string\"}}],\"inLanguage\":\"es\"}]}<\/script>\n<!-- \/ Yoast SEO plugin. -->","yoast_head_json":{"title":"Enfermera del beb\u00e9 - Colocaci\u00f3n de pendientes - C\u00f3licos - Lactancia","description":"Bienvenida a Enfermera del beb\u00e9. Coloco pendientes a beb\u00e9s con un m\u00e9todo manual y as\u00e9ptico, desplaz\u00e1ndome a domicilio en Alicante y alrededores.","robots":{"index":"index","follow":"follow","max-snippet":"max-snippet:-1","max-image-preview":"max-image-preview:large","max-video-preview":"max-video-preview:-1"},"canonical":"https:\/\/enfermeradelbebe.com\/","og_locale":"es_ES","og_type":"article","og_title":"Enfermera del beb\u00e9 - Colocaci\u00f3n de pendientes - C\u00f3licos - Lactancia","og_description":"Bienvenida a Enfermera del beb\u00e9. Coloco pendientes a beb\u00e9s con un m\u00e9todo manual y as\u00e9ptico, desplaz\u00e1ndome a domicilio en Alicante y alrededores.","og_url":"https:\/\/enfermeradelbebe.com\/","og_site_name":"Enfermera del Beb\u00e9","article_modified_time":"2021-02-27T17:11:41+00:00","og_image":[{"width":1920,"height":1080,"url":"https:\/\/enfermeradelbebe.com\/wp-content\/uploads\/2019\/09\/colocacion-de-pendientes.jpg","type":"image\/jpeg"}],"twitter_card":"summary_large_image","twitter_misc":{"Tiempo de lectura":"19 minutos"},"schema":{"@context":"https:\/\/schema.org","@graph":[{"@type":"WebPage","@id":"https:\/\/enfermeradelbebe.com\/","url":"https:\/\/enfermeradelbebe.com\/","name":"Enfermera del beb\u00e9 - Colocaci\u00f3n de pendientes - C\u00f3licos - Lactancia","isPartOf":{"@id":"https:\/\/enfermeradelbebe.com\/#website"},"primaryImageOfPage":{"@id":"https:\/\/enfermeradelbebe.com\/#primaryimage"},"image":{"@id":"https:\/\/enfermeradelbebe.com\/#primaryimage"},"thumbnailUrl":"https:\/\/enfermeradelbebe.com\/wp-content\/uploads\/2019\/09\/colocacion-de-pendientes.jpg","datePublished":"2019-09-07T19:38:54+00:00","dateModified":"2021-02-27T17:11:41+00:00","description":"Bienvenida a Enfermera del beb\u00e9. Coloco pendientes a beb\u00e9s con un m\u00e9todo manual y as\u00e9ptico, desplaz\u00e1ndome a domicilio en Alicante y alrededores.","breadcrumb":{"@id":"https:\/\/enfermeradelbebe.com\/#breadcrumb"},"inLanguage":"es","potentialAction":[{"@type":"ReadAction","target":["https:\/\/enfermeradelbebe.com\/"]}]},{"@type":"ImageObject","inLanguage":"es","@id":"https:\/\/enfermeradelbebe.com\/#primaryimage","url":"https:\/\/enfermeradelbebe.com\/wp-content\/uploads\/2019\/09\/colocacion-de-pendientes.jpg","contentUrl":"https:\/\/enfermeradelbebe.com\/wp-content\/uploads\/2019\/09\/colocacion-de-pendientes.jpg","width":1920,"height":1080,"caption":"Enfermera del beb\u00e9 - Colocaci\u00f3n de pendientes"},{"@type":"BreadcrumbList","@id":"https:\/\/enfermeradelbebe.com\/#breadcrumb","itemListElement":[{"@type":"ListItem","position":1,"name":"Portada","item":"https:\/\/enfermeradelbebe.com\/"},{"@type":"ListItem","position":2,"name":"Inicio"}]},{"@type":"WebSite","@id":"https:\/\/enfermeradelbebe.com\/#website","url":"https:\/\/enfermeradelbebe.com\/","name":"Enfermera del Beb\u00e9","description":"Otro sitio realizado con WordPress","potentialAction":[{"@type":"SearchAction","target":{"@type":"EntryPoint","urlTemplate":"https:\/\/enfermeradelbebe.com\/?s={search_term_string}"},"query-input":{"@type":"PropertyValueSpecification","valueRequired":true,"valueName":"search_term_string"}}],"inLanguage":"es"}]}},"_links":{"self":[{"href":"https:\/\/enfermeradelbebe.com\/index.php?rest_route=\/wp\/v2\/pages\/20","targetHints":{"allow":["GET"]}}],"collection":[{"href":"https:\/\/enfermeradelbebe.com\/index.php?rest_route=\/wp\/v2\/pages"}],"about":[{"href":"https:\/\/enfermeradelbebe.com\/index.php?rest_route=\/wp\/v2\/types\/page"}],"author":[{"embeddable":true,"href":"https:\/\/enfermeradelbebe.com\/index.php?rest_route=\/wp\/v2\/users\/1"}],"replies":[{"embeddable":true,"href":"https:\/\/enfermeradelbebe.com\/index.php?rest_route=%2Fwp%2Fv2%2Fcomments&post=20"}],"version-history":[{"count":0,"href":"https:\/\/enfermeradelbebe.com\/index.php?rest_route=\/wp\/v2\/pages\/20\/revisions"}],"wp:featuredmedia":[{"embeddable":true,"href":"https:\/\/enfermeradelbebe.com\/index.php?rest_route=\/wp\/v2\/media\/73"}],"wp:attachment":[{"href":"https:\/\/enfermeradelbebe.com\/index.php?rest_route=%2Fwp%2Fv2%2Fmedia&parent=20"}],"curies":[{"name":"wp","href":"https:\/\/api.w.org\/{rel}","templated":true}]}}