{"id":70,"date":"2019-09-10T07:56:55","date_gmt":"2019-09-10T05:56:55","guid":{"rendered":"https:\/\/enfermeradelbebe.com\/?page_id=70"},"modified":"2021-01-06T19:50:34","modified_gmt":"2021-01-06T18:50:34","slug":"colicos-del-lactante","status":"publish","type":"page","link":"https:\/\/enfermeradelbebe.com\/?page_id=70","title":{"rendered":"C\u00f3licos del lactante"},"content":{"rendered":"<p><div class=\"fusion-fullwidth fullwidth-box fusion-builder-row-1 nonhundred-percent-fullwidth non-hundred-percent-height-scrolling\" style=\"--awb-border-radius-top-left:0px;--awb-border-radius-top-right:0px;--awb-border-radius-bottom-right:0px;--awb-border-radius-bottom-left:0px;--awb-padding-right:4%;--awb-padding-left:4%;--awb-margin-top:0px;--awb-margin-bottom:0px;--awb-background-color:#facfe7;--awb-flex-wrap:wrap;\" ><div class=\"fusion-builder-row fusion-row\"><div class=\"fusion-layout-column fusion_builder_column fusion-builder-column-0 fusion_builder_column_1_1 1_1 fusion-one-full fusion-column-first fusion-column-last\" style=\"--awb-bg-size:cover;--awb-margin-bottom:0px;\"><div class=\"fusion-column-wrapper fusion-column-has-shadow fusion-flex-column-wrapper-legacy\"><div class=\"fusion-text fusion-text-1\"><h2 style=\"text-align: center;\">C\u00f3licos del lactante<\/h2>\n<\/div><div class=\"fusion-clearfix\"><\/div><\/div><\/div><div class=\"fusion-layout-column fusion_builder_column fusion-builder-column-1 fusion_builder_column_1_3 1_3 fusion-one-third fusion-column-first\" style=\"--awb-bg-size:cover;--awb-margin-bottom:0px;width:33.333333333333%;width:calc(33.333333333333% - ( ( 0 ) * 0.33333333333333 ) );margin-right: 0px;\"><div class=\"fusion-column-wrapper fusion-column-has-shadow fusion-flex-column-wrapper-legacy\"><div class=\"fusion-image-element fusion-image-align-center in-legacy-container\" style=\"text-align:center;--awb-caption-title-font-family:var(--h2_typography-font-family);--awb-caption-title-font-weight:var(--h2_typography-font-weight);--awb-caption-title-font-style:var(--h2_typography-font-style);--awb-caption-title-size:var(--h2_typography-font-size);--awb-caption-title-transform:var(--h2_typography-text-transform);--awb-caption-title-line-height:var(--h2_typography-line-height);--awb-caption-title-letter-spacing:var(--h2_typography-letter-spacing);\"><div class=\"imageframe-align-center\"><span class=\" fusion-imageframe imageframe-none imageframe-1 hover-type-none\"><img decoding=\"async\" width=\"282\" height=\"300\" alt=\"Enfermera del beb\u00e9 - C\u00f3licos del lactante\" title=\"Enfermera del beb\u00e9 &#8211; C\u00f3licos del lactante\" src=\"https:\/\/enfermeradelbebe.com\/wp-content\/uploads\/2019\/09\/slider-2-colicos-lactante-282x300.png\" class=\"img-responsive wp-image-32\" srcset=\"https:\/\/enfermeradelbebe.com\/wp-content\/uploads\/2019\/09\/slider-2-colicos-lactante-200x213.png 200w, https:\/\/enfermeradelbebe.com\/wp-content\/uploads\/2019\/09\/slider-2-colicos-lactante-400x426.png 400w, https:\/\/enfermeradelbebe.com\/wp-content\/uploads\/2019\/09\/slider-2-colicos-lactante.png 432w\" sizes=\"(max-width: 800px) 100vw, 282px\" \/><\/span><\/div><\/div><div class=\"fusion-clearfix\"><\/div><\/div><\/div><div class=\"fusion-layout-column fusion_builder_column fusion-builder-column-2 fusion_builder_column_2_3 2_3 fusion-two-third fusion-column-last\" style=\"--awb-bg-size:cover;--awb-margin-bottom:0px;width:66.666666666667%;width:calc(66.666666666667% - ( ( 0 ) * 0.66666666666667 ) );\"><div class=\"fusion-column-wrapper fusion-column-has-shadow fusion-flex-column-wrapper-legacy\"><div class=\"fusion-text fusion-text-2\"><h4>Soluciones para el c\u00f3lico del lactante<\/h4>\n<p>El c\u00f3lico del lactante se caracteriza por episodios de llanto agudo sin un origen aparente, que produce molestias y dolor a tu beb\u00e9, y sobre el que podemos ayudarte. Te ofrecemos una consulta de enfermer\u00eda pedi\u00e1trica sin prisas ni burocracias, y en un horario que se adapte a las necesidades de los padres.<\/p>\n<ul>\n<li>Nuestro m\u00e9todo brinda una soluci\u00f3n inmediata para aliviar las molestias de tu beb\u00e9, no necesitas esperar a que cumpla los 3 meses<\/li>\n<li>Masajes anti c\u00f3licos homologados por AEMI (Asociaci\u00f3n Espa\u00f1ola de Masaje Infantil) y por IAIM (International Association of Infant Massage)<\/li>\n<li>Consejos de alimentaci\u00f3n para la mam\u00e1<\/li>\n<li>Informaci\u00f3n sobre probi\u00f3ticos y homeopat\u00eda para c\u00f3licos<\/li>\n<li>Aprende a calmar a tu beb\u00e9. Te ense\u00f1amos a comprender el significado de cada llanto de tu beb\u00e9, y c\u00f3mo solucionar la causa<\/li>\n<li>\u00bfHas o\u00eddo hablar del \u00abruido blanco\u00bb como terapia para relajar a tu beb\u00e9? Te ense\u00f1amos esta t\u00e9cnica simple pero revolucionaria<\/li>\n<li>Mejora tu tiempo de descanso<\/li>\n<li>Ejercicios de yoga para el beb\u00e9, que facilitan su coordinaci\u00f3n y su sentido del equilibrio<\/li>\n<\/ul>\n<\/div><div class=\"fusion-clearfix\"><\/div><\/div><\/div><div class=\"fusion-layout-column fusion_builder_column fusion-builder-column-3 fusion_builder_column_1_1 1_1 fusion-one-full fusion-column-first fusion-column-last\" style=\"--awb-bg-size:cover;\"><div class=\"fusion-column-wrapper fusion-column-has-shadow fusion-flex-column-wrapper-legacy\"><div class=\"fusion-text fusion-text-3\"><h4>Duraci\u00f3n y coste del servicio<\/h4>\n<ul>\n<li><span class=\"yiv6921647026gmail-m_-8828000452940270619gmaildefault\">La consulta a domicilio durar\u00e1 aproximadamente 1 hora<\/span>.<\/li>\n<li><span class=\"yiv6921647026gmail-m_-8828000452940270619gmaildefault\">El precio de la consulta es de 40\u20ac para Alicante<\/span>. Para otras localidades, por favor <a href=\"\/contacto\">cont\u00e1ctanos<\/a>.<\/li>\n<\/ul>\n<\/div><div class=\"fusion-clearfix\"><\/div><\/div><\/div><\/div><\/div><div class=\"fusion-fullwidth fullwidth-box fusion-builder-row-2 fusion-flex-container nonhundred-percent-fullwidth non-hundred-percent-height-scrolling\" style=\"--awb-border-radius-top-left:0px;--awb-border-radius-top-right:0px;--awb-border-radius-bottom-right:0px;--awb-border-radius-bottom-left:0px;--awb-flex-wrap:wrap;\" ><div class=\"fusion-builder-row fusion-row fusion-flex-align-items-flex-start fusion-flex-content-wrap\" style=\"max-width:1996.8px;margin-left: calc(-4% \/ 2 );margin-right: calc(-4% \/ 2 );\"><div class=\"fusion-layout-column fusion_builder_column fusion-builder-column-4 fusion_builder_column_1_1 1_1 fusion-flex-column fusion-no-small-visibility\" style=\"--awb-bg-size:cover;--awb-width-large:100%;--awb-margin-top-large:0px;--awb-spacing-right-large:1.92%;--awb-margin-bottom-large:0px;--awb-spacing-left-large:1.92%;--awb-width-medium:100%;--awb-order-medium:0;--awb-spacing-right-medium:1.92%;--awb-spacing-left-medium:1.92%;--awb-width-small:100%;--awb-order-small:0;--awb-spacing-right-small:1.92%;--awb-spacing-left-small:1.92%;\"><div class=\"fusion-column-wrapper fusion-column-has-shadow fusion-flex-justify-content-flex-start fusion-content-layout-column\"><div class=\"fusion-separator fusion-full-width-sep\" style=\"align-self: center;margin-left: auto;margin-right: auto;margin-top:20px;width:100%;\"><\/div><\/div><\/div><div class=\"fusion-layout-column fusion_builder_column fusion-builder-column-5 fusion_builder_column_1_2 1_2 fusion-flex-column fusion-no-small-visibility\" style=\"--awb-bg-size:cover;--awb-width-large:50%;--awb-margin-top-large:0px;--awb-spacing-right-large:3.84%;--awb-margin-bottom-large:20px;--awb-spacing-left-large:3.84%;--awb-width-medium:100%;--awb-order-medium:0;--awb-spacing-right-medium:1.92%;--awb-spacing-left-medium:1.92%;--awb-width-small:100%;--awb-order-small:0;--awb-spacing-right-small:1.92%;--awb-spacing-left-small:1.92%;\"><div class=\"fusion-column-wrapper fusion-column-has-shadow fusion-flex-justify-content-flex-start fusion-content-layout-column\"><div class=\"fusion-text fusion-text-4\"><p style=\"text-align: right;\"><strong>MEDIDAS COVID-19<br \/>\n<\/strong>Cumplimos con la normativa indicada por la<\/p>\n<\/div><\/div><\/div><div class=\"fusion-layout-column fusion_builder_column fusion-builder-column-6 fusion_builder_column_1_2 1_2 fusion-flex-column fusion-no-small-visibility\" style=\"--awb-bg-size:cover;--awb-width-large:50%;--awb-margin-top-large:0px;--awb-spacing-right-large:3.84%;--awb-margin-bottom-large:20px;--awb-spacing-left-large:3.84%;--awb-width-medium:100%;--awb-order-medium:0;--awb-spacing-right-medium:1.92%;--awb-spacing-left-medium:1.92%;--awb-width-small:100%;--awb-order-small:0;--awb-spacing-right-small:1.92%;--awb-spacing-left-small:1.92%;\"><div class=\"fusion-column-wrapper fusion-column-has-shadow fusion-flex-justify-content-flex-start fusion-content-layout-column\"><div class=\"fusion-image-element\" style=\"text-align:left;--awb-margin-top:-28px;--awb-max-width:120px;--awb-caption-title-font-family:var(--h2_typography-font-family);--awb-caption-title-font-weight:var(--h2_typography-font-weight);--awb-caption-title-font-style:var(--h2_typography-font-style);--awb-caption-title-size:var(--h2_typography-font-size);--awb-caption-title-transform:var(--h2_typography-text-transform);--awb-caption-title-line-height:var(--h2_typography-line-height);--awb-caption-title-letter-spacing:var(--h2_typography-letter-spacing);\"><span class=\" fusion-imageframe imageframe-none imageframe-2 hover-type-none\"><img decoding=\"async\" width=\"230\" height=\"173\" alt=\"Enfermera del Beb\u00e9 - Yolanda Mart\u00ednez\" title=\"Enfermera del Beb\u00e9 &#8211; Yolanda Mart\u00ednez\" src=\"https:\/\/enfermeradelbebe.com\/wp-content\/uploads\/2021\/01\/stop-covid.png\" class=\"img-responsive wp-image-128\" srcset=\"https:\/\/enfermeradelbebe.com\/wp-content\/uploads\/2021\/01\/stop-covid-200x150.png 200w, https:\/\/enfermeradelbebe.com\/wp-content\/uploads\/2021\/01\/stop-covid.png 230w\" sizes=\"(max-width: 1024px) 100vw, (max-width: 640px) 100vw, 230px\" \/><\/span><\/div><\/div><\/div><div class=\"fusion-layout-column fusion_builder_column fusion-builder-column-7 fusion_builder_column_1_1 1_1 fusion-flex-column fusion-no-medium-visibility fusion-no-large-visibility\" style=\"--awb-bg-size:cover;--awb-width-large:100%;--awb-margin-top-large:0px;--awb-spacing-right-large:1.92%;--awb-margin-bottom-large:20px;--awb-spacing-left-large:1.92%;--awb-width-medium:100%;--awb-order-medium:0;--awb-spacing-right-medium:1.92%;--awb-spacing-left-medium:1.92%;--awb-width-small:100%;--awb-order-small:0;--awb-spacing-right-small:1.92%;--awb-spacing-left-small:1.92%;\"><div class=\"fusion-column-wrapper fusion-column-has-shadow fusion-flex-justify-content-flex-start fusion-content-layout-column\"><div class=\"fusion-separator fusion-full-width-sep\" style=\"align-self: center;margin-left: auto;margin-right: auto;margin-top:20px;width:100%;\"><\/div><div class=\"fusion-text fusion-text-5\"><p style=\"text-align: center;\"><strong>MEDIDAS COVID-19<br \/>\n<\/strong>Cumplimos con la normativa indicada por la<\/p>\n<\/div><div class=\"fusion-image-element\" style=\"text-align:center;--awb-max-width:160px;--awb-caption-title-font-family:var(--h2_typography-font-family);--awb-caption-title-font-weight:var(--h2_typography-font-weight);--awb-caption-title-font-style:var(--h2_typography-font-style);--awb-caption-title-size:var(--h2_typography-font-size);--awb-caption-title-transform:var(--h2_typography-text-transform);--awb-caption-title-line-height:var(--h2_typography-line-height);--awb-caption-title-letter-spacing:var(--h2_typography-letter-spacing);\"><span class=\" fusion-imageframe imageframe-none imageframe-3 hover-type-none\"><img decoding=\"async\" width=\"230\" height=\"173\" alt=\"Enfermera del Beb\u00e9 - Yolanda Mart\u00ednez\" title=\"Enfermera del Beb\u00e9 &#8211; Yolanda Mart\u00ednez\" src=\"https:\/\/enfermeradelbebe.com\/wp-content\/uploads\/2021\/01\/stop-covid.png\" class=\"img-responsive wp-image-128\" srcset=\"https:\/\/enfermeradelbebe.com\/wp-content\/uploads\/2021\/01\/stop-covid-200x150.png 200w, https:\/\/enfermeradelbebe.com\/wp-content\/uploads\/2021\/01\/stop-covid.png 230w\" sizes=\"(max-width: 1024px) 100vw, (max-width: 640px) 100vw, 230px\" \/><\/span><\/div><\/div><\/div><\/div><\/div><\/p>\n","protected":false},"excerpt":{"rendered":"","protected":false},"author":1,"featured_media":73,"parent":0,"menu_order":0,"comment_status":"closed","ping_status":"closed","template":"","meta":{"footnotes":""},"class_list":["post-70","page","type-page","status-publish","has-post-thumbnail","hentry"],"yoast_head":"<!-- This site is optimized with the Yoast SEO plugin v28.1 - https:\/\/yoast.com\/product\/yoast-seo-wordpress\/ -->\n<title>C\u00f3licos del lactante - Enfermera de beb\u00e9 - Soluci\u00f3n inmediata y natural<\/title>\n<meta name=\"description\" content=\"Los c\u00f3licos del lactante son episodios de llanto agudo sin un origen aparente. Descubre nuestro masaje anti c\u00f3licos, un m\u00e9todo natura para cuidar a tu beb\u00e9\" \/>\n<meta name=\"robots\" content=\"index, follow, max-snippet:-1, max-image-preview:large, max-video-preview:-1\" \/>\n<link rel=\"canonical\" href=\"https:\/\/enfermeradelbebe.com\/?page_id=70\" \/>\n<meta property=\"og:locale\" content=\"es_ES\" \/>\n<meta property=\"og:type\" content=\"article\" \/>\n<meta property=\"og:title\" content=\"C\u00f3licos del lactante - Enfermera de beb\u00e9 - Soluci\u00f3n inmediata y natural\" \/>\n<meta property=\"og:description\" content=\"Los c\u00f3licos del lactante son episodios de llanto agudo sin un origen aparente. Descubre nuestro masaje anti c\u00f3licos, un m\u00e9todo natura para cuidar a tu beb\u00e9\" \/>\n<meta property=\"og:url\" content=\"https:\/\/enfermeradelbebe.com\/?page_id=70\" \/>\n<meta property=\"og:site_name\" content=\"Enfermera del Beb\u00e9\" \/>\n<meta property=\"article:modified_time\" content=\"2021-01-06T18:50:34+00:00\" \/>\n<meta property=\"og:image\" content=\"https:\/\/enfermeradelbebe.com\/wp-content\/uploads\/2019\/09\/colocacion-de-pendientes.jpg\" \/>\n\t<meta property=\"og:image:width\" content=\"1920\" \/>\n\t<meta property=\"og:image:height\" content=\"1080\" \/>\n\t<meta property=\"og:image:type\" content=\"image\/jpeg\" \/>\n<meta name=\"twitter:card\" content=\"summary_large_image\" \/>\n<meta name=\"twitter:label1\" content=\"Tiempo de lectura\" \/>\n\t<meta name=\"twitter:data1\" content=\"14 minutos\" \/>\n<script type=\"application\/ld+json\" class=\"yoast-schema-graph\">{\"@context\":\"https:\\\/\\\/schema.org\",\"@graph\":[{\"@type\":\"WebPage\",\"@id\":\"https:\\\/\\\/enfermeradelbebe.com\\\/?page_id=70\",\"url\":\"https:\\\/\\\/enfermeradelbebe.com\\\/?page_id=70\",\"name\":\"C\u00f3licos del lactante - Enfermera de beb\u00e9 - Soluci\u00f3n inmediata y natural\",\"isPartOf\":{\"@id\":\"https:\\\/\\\/enfermeradelbebe.com\\\/#website\"},\"primaryImageOfPage\":{\"@id\":\"https:\\\/\\\/enfermeradelbebe.com\\\/?page_id=70#primaryimage\"},\"image\":{\"@id\":\"https:\\\/\\\/enfermeradelbebe.com\\\/?page_id=70#primaryimage\"},\"thumbnailUrl\":\"https:\\\/\\\/enfermeradelbebe.com\\\/wp-content\\\/uploads\\\/2019\\\/09\\\/colocacion-de-pendientes.jpg\",\"datePublished\":\"2019-09-10T05:56:55+00:00\",\"dateModified\":\"2021-01-06T18:50:34+00:00\",\"description\":\"Los c\u00f3licos del lactante son episodios de llanto agudo sin un origen aparente. Descubre nuestro masaje anti c\u00f3licos, un m\u00e9todo natura para cuidar a tu beb\u00e9\",\"breadcrumb\":{\"@id\":\"https:\\\/\\\/enfermeradelbebe.com\\\/?page_id=70#breadcrumb\"},\"inLanguage\":\"es\",\"potentialAction\":[{\"@type\":\"ReadAction\",\"target\":[\"https:\\\/\\\/enfermeradelbebe.com\\\/?page_id=70\"]}]},{\"@type\":\"ImageObject\",\"inLanguage\":\"es\",\"@id\":\"https:\\\/\\\/enfermeradelbebe.com\\\/?page_id=70#primaryimage\",\"url\":\"https:\\\/\\\/enfermeradelbebe.com\\\/wp-content\\\/uploads\\\/2019\\\/09\\\/colocacion-de-pendientes.jpg\",\"contentUrl\":\"https:\\\/\\\/enfermeradelbebe.com\\\/wp-content\\\/uploads\\\/2019\\\/09\\\/colocacion-de-pendientes.jpg\",\"width\":1920,\"height\":1080,\"caption\":\"Enfermera del beb\u00e9 - Colocaci\u00f3n de pendientes\"},{\"@type\":\"BreadcrumbList\",\"@id\":\"https:\\\/\\\/enfermeradelbebe.com\\\/?page_id=70#breadcrumb\",\"itemListElement\":[{\"@type\":\"ListItem\",\"position\":1,\"name\":\"Portada\",\"item\":\"https:\\\/\\\/enfermeradelbebe.com\\\/\"},{\"@type\":\"ListItem\",\"position\":2,\"name\":\"C\u00f3licos del lactante\"}]},{\"@type\":\"WebSite\",\"@id\":\"https:\\\/\\\/enfermeradelbebe.com\\\/#website\",\"url\":\"https:\\\/\\\/enfermeradelbebe.com\\\/\",\"name\":\"Enfermera del Beb\u00e9\",\"description\":\"Otro sitio realizado con WordPress\",\"potentialAction\":[{\"@type\":\"SearchAction\",\"target\":{\"@type\":\"EntryPoint\",\"urlTemplate\":\"https:\\\/\\\/enfermeradelbebe.com\\\/?s={search_term_string}\"},\"query-input\":{\"@type\":\"PropertyValueSpecification\",\"valueRequired\":true,\"valueName\":\"search_term_string\"}}],\"inLanguage\":\"es\"}]}<\/script>\n<!-- \/ Yoast SEO plugin. -->","yoast_head_json":{"title":"C\u00f3licos del lactante - Enfermera de beb\u00e9 - Soluci\u00f3n inmediata y natural","description":"Los c\u00f3licos del lactante son episodios de llanto agudo sin un origen aparente. Descubre nuestro masaje anti c\u00f3licos, un m\u00e9todo natura para cuidar a tu beb\u00e9","robots":{"index":"index","follow":"follow","max-snippet":"max-snippet:-1","max-image-preview":"max-image-preview:large","max-video-preview":"max-video-preview:-1"},"canonical":"https:\/\/enfermeradelbebe.com\/?page_id=70","og_locale":"es_ES","og_type":"article","og_title":"C\u00f3licos del lactante - Enfermera de beb\u00e9 - Soluci\u00f3n inmediata y natural","og_description":"Los c\u00f3licos del lactante son episodios de llanto agudo sin un origen aparente. Descubre nuestro masaje anti c\u00f3licos, un m\u00e9todo natura para cuidar a tu beb\u00e9","og_url":"https:\/\/enfermeradelbebe.com\/?page_id=70","og_site_name":"Enfermera del Beb\u00e9","article_modified_time":"2021-01-06T18:50:34+00:00","og_image":[{"width":1920,"height":1080,"url":"https:\/\/enfermeradelbebe.com\/wp-content\/uploads\/2019\/09\/colocacion-de-pendientes.jpg","type":"image\/jpeg"}],"twitter_card":"summary_large_image","twitter_misc":{"Tiempo de lectura":"14 minutos"},"schema":{"@context":"https:\/\/schema.org","@graph":[{"@type":"WebPage","@id":"https:\/\/enfermeradelbebe.com\/?page_id=70","url":"https:\/\/enfermeradelbebe.com\/?page_id=70","name":"C\u00f3licos del lactante - Enfermera de beb\u00e9 - Soluci\u00f3n inmediata y natural","isPartOf":{"@id":"https:\/\/enfermeradelbebe.com\/#website"},"primaryImageOfPage":{"@id":"https:\/\/enfermeradelbebe.com\/?page_id=70#primaryimage"},"image":{"@id":"https:\/\/enfermeradelbebe.com\/?page_id=70#primaryimage"},"thumbnailUrl":"https:\/\/enfermeradelbebe.com\/wp-content\/uploads\/2019\/09\/colocacion-de-pendientes.jpg","datePublished":"2019-09-10T05:56:55+00:00","dateModified":"2021-01-06T18:50:34+00:00","description":"Los c\u00f3licos del lactante son episodios de llanto agudo sin un origen aparente. Descubre nuestro masaje anti c\u00f3licos, un m\u00e9todo natura para cuidar a tu beb\u00e9","breadcrumb":{"@id":"https:\/\/enfermeradelbebe.com\/?page_id=70#breadcrumb"},"inLanguage":"es","potentialAction":[{"@type":"ReadAction","target":["https:\/\/enfermeradelbebe.com\/?page_id=70"]}]},{"@type":"ImageObject","inLanguage":"es","@id":"https:\/\/enfermeradelbebe.com\/?page_id=70#primaryimage","url":"https:\/\/enfermeradelbebe.com\/wp-content\/uploads\/2019\/09\/colocacion-de-pendientes.jpg","contentUrl":"https:\/\/enfermeradelbebe.com\/wp-content\/uploads\/2019\/09\/colocacion-de-pendientes.jpg","width":1920,"height":1080,"caption":"Enfermera del beb\u00e9 - Colocaci\u00f3n de pendientes"},{"@type":"BreadcrumbList","@id":"https:\/\/enfermeradelbebe.com\/?page_id=70#breadcrumb","itemListElement":[{"@type":"ListItem","position":1,"name":"Portada","item":"https:\/\/enfermeradelbebe.com\/"},{"@type":"ListItem","position":2,"name":"C\u00f3licos del lactante"}]},{"@type":"WebSite","@id":"https:\/\/enfermeradelbebe.com\/#website","url":"https:\/\/enfermeradelbebe.com\/","name":"Enfermera del Beb\u00e9","description":"Otro sitio realizado con WordPress","potentialAction":[{"@type":"SearchAction","target":{"@type":"EntryPoint","urlTemplate":"https:\/\/enfermeradelbebe.com\/?s={search_term_string}"},"query-input":{"@type":"PropertyValueSpecification","valueRequired":true,"valueName":"search_term_string"}}],"inLanguage":"es"}]}},"_links":{"self":[{"href":"https:\/\/enfermeradelbebe.com\/index.php?rest_route=\/wp\/v2\/pages\/70","targetHints":{"allow":["GET"]}}],"collection":[{"href":"https:\/\/enfermeradelbebe.com\/index.php?rest_route=\/wp\/v2\/pages"}],"about":[{"href":"https:\/\/enfermeradelbebe.com\/index.php?rest_route=\/wp\/v2\/types\/page"}],"author":[{"embeddable":true,"href":"https:\/\/enfermeradelbebe.com\/index.php?rest_route=\/wp\/v2\/users\/1"}],"replies":[{"embeddable":true,"href":"https:\/\/enfermeradelbebe.com\/index.php?rest_route=%2Fwp%2Fv2%2Fcomments&post=70"}],"version-history":[{"count":0,"href":"https:\/\/enfermeradelbebe.com\/index.php?rest_route=\/wp\/v2\/pages\/70\/revisions"}],"wp:featuredmedia":[{"embeddable":true,"href":"https:\/\/enfermeradelbebe.com\/index.php?rest_route=\/wp\/v2\/media\/73"}],"wp:attachment":[{"href":"https:\/\/enfermeradelbebe.com\/index.php?rest_route=%2Fwp%2Fv2%2Fmedia&parent=70"}],"curies":[{"name":"wp","href":"https:\/\/api.w.org\/{rel}","templated":true}]}}