{"id":76,"date":"2019-09-10T09:03:59","date_gmt":"2019-09-10T07:03:59","guid":{"rendered":"https:\/\/enfermeradelbebe.com\/?page_id=76"},"modified":"2021-01-06T19:52:40","modified_gmt":"2021-01-06T18:52:40","slug":"lactancia-materna-feliz","status":"publish","type":"page","link":"https:\/\/enfermeradelbebe.com\/?page_id=76","title":{"rendered":"Lactancia materna feliz"},"content":{"rendered":"<p><div class=\"fusion-fullwidth fullwidth-box fusion-builder-row-1 nonhundred-percent-fullwidth non-hundred-percent-height-scrolling\" style=\"--awb-border-radius-top-left:0px;--awb-border-radius-top-right:0px;--awb-border-radius-bottom-right:0px;--awb-border-radius-bottom-left:0px;--awb-padding-right:4%;--awb-padding-left:4%;--awb-margin-top:0px;--awb-margin-bottom:0px;--awb-background-color:#facfe7;--awb-flex-wrap:wrap;\" ><div class=\"fusion-builder-row fusion-row\"><div class=\"fusion-layout-column fusion_builder_column fusion-builder-column-0 fusion_builder_column_1_1 1_1 fusion-one-full fusion-column-first fusion-column-last\" style=\"--awb-bg-size:cover;--awb-margin-bottom:0px;\"><div class=\"fusion-column-wrapper fusion-column-has-shadow fusion-flex-column-wrapper-legacy\"><div class=\"fusion-text fusion-text-1\"><h2 style=\"text-align: center;\">Lactancia materna feliz<\/h2>\n<\/div><div class=\"fusion-clearfix\"><\/div><\/div><\/div><div class=\"fusion-layout-column fusion_builder_column fusion-builder-column-1 fusion_builder_column_1_3 1_3 fusion-one-third fusion-column-first\" style=\"--awb-bg-size:cover;--awb-margin-bottom:0px;width:33.333333333333%;width:calc(33.333333333333% - ( ( 0 ) * 0.33333333333333 ) );margin-right: 0px;\"><div class=\"fusion-column-wrapper fusion-column-has-shadow fusion-flex-column-wrapper-legacy\"><div class=\"fusion-image-element fusion-image-align-center in-legacy-container\" style=\"text-align:center;--awb-caption-title-font-family:var(--h2_typography-font-family);--awb-caption-title-font-weight:var(--h2_typography-font-weight);--awb-caption-title-font-style:var(--h2_typography-font-style);--awb-caption-title-size:var(--h2_typography-font-size);--awb-caption-title-transform:var(--h2_typography-text-transform);--awb-caption-title-line-height:var(--h2_typography-line-height);--awb-caption-title-letter-spacing:var(--h2_typography-letter-spacing);\"><div class=\"imageframe-align-center\"><span class=\" fusion-imageframe imageframe-none imageframe-1 hover-type-none\"><img decoding=\"async\" width=\"282\" height=\"300\" alt=\"Enfermera del beb\u00e9 - Lactancia materna feliz\" title=\"Enfermera del beb\u00e9 &#8211; Lactancia materna feliz\" src=\"https:\/\/enfermeradelbebe.com\/wp-content\/uploads\/2019\/09\/slider-3-lactancia-materna-feliz-282x300.png\" class=\"img-responsive wp-image-33\" srcset=\"https:\/\/enfermeradelbebe.com\/wp-content\/uploads\/2019\/09\/slider-3-lactancia-materna-feliz-200x213.png 200w, https:\/\/enfermeradelbebe.com\/wp-content\/uploads\/2019\/09\/slider-3-lactancia-materna-feliz-400x426.png 400w, https:\/\/enfermeradelbebe.com\/wp-content\/uploads\/2019\/09\/slider-3-lactancia-materna-feliz.png 432w\" sizes=\"(max-width: 800px) 100vw, 282px\" \/><\/span><\/div><\/div><div class=\"fusion-clearfix\"><\/div><\/div><\/div><div class=\"fusion-layout-column fusion_builder_column fusion-builder-column-2 fusion_builder_column_2_3 2_3 fusion-two-third fusion-column-last\" style=\"--awb-bg-size:cover;--awb-margin-bottom:0px;width:66.666666666667%;width:calc(66.666666666667% - ( ( 0 ) * 0.66666666666667 ) );\"><div class=\"fusion-column-wrapper fusion-column-has-shadow fusion-flex-column-wrapper-legacy\"><div class=\"fusion-text fusion-text-2\"><h4>Podemos ayudarte a que disfrutes de esta experiencia \u00fanica<\/h4>\n<p>Todos hemos o\u00eddo o le\u00eddo sobre la importancia de amamantar a nuestro beb\u00e9 y que la leche materna es el mejor alimento para un reci\u00e9n nacido. Sin embargo, lo que muchas madres y padres no saben es que la lactancia materna tambi\u00e9n debe ser un acuerdo entre las necesidades de los tres integrantes de este tri\u00e1ngulo: beb\u00e9, mam\u00e1 y pap\u00e1.<\/p>\n<p>Cuando una mam\u00e1 solicita nuestros servicios, no s\u00f3lo se encuentra angustiada y preocupada por su beb\u00e9, sino a menudo tambi\u00e9n decepcionada e inquieta por el estr\u00e9s de la nueva situaci\u00f3n a la que tiene que hacer frente.<\/p>\n<\/div><div class=\"fusion-clearfix\"><\/div><\/div><\/div><div class=\"fusion-layout-column fusion_builder_column fusion-builder-column-3 fusion_builder_column_1_1 1_1 fusion-one-full fusion-column-first fusion-column-last\" style=\"--awb-bg-size:cover;\"><div class=\"fusion-column-wrapper fusion-column-has-shadow fusion-flex-column-wrapper-legacy\"><div class=\"fusion-text fusion-text-3\"><p>En su mente se agolpan las preguntas:<\/p>\n<ul>\n<li>\u00ab\u00bfTengo bastante leche?\u00bb<\/li>\n<li>\u00ab\u00bfSe engancha bien mi hijo?\u00bb<\/li>\n<li>\u00ab\u00bfPor qu\u00e9 me duelen tanto los pechos al amamantar?\u00bb<\/li>\n<li>\u00abSi todo lo hago bien, \u00bfpor qu\u00e9 el bebe se encuentra todo el d\u00eda enganchado a la teta y no cesa de llorar?\u00bb<\/li>\n<\/ul>\n<h4>Nuestro objetivo<\/h4>\n<p>Nuestro objetivo es dar respuesta a todas estas inquietudes, y lograr que amamantar a tu hijo o hija, sea una de las experiencias m\u00e1s entra\u00f1ables de tu vida. Para ello, desde el principio planificaremos objetivos reales y a corto plazo para alcanzar una lactancia materna con \u00e9xito, y dejando fluir tu instinto maternal.<\/p>\n<p><strong>Al acudir a vuestro domicilio:<\/strong><\/p>\n<ol>\n<li>Observaremos la toma del bebe, y el agarre del pez\u00f3n.<\/li>\n<li>Realizaremos una exploraci\u00f3n mamaria detallada, a la b\u00fasqueda de posibles grietas, fisuras, quistes de leche y os ense\u00f1aremos t\u00e9cnicas para el cuidado del pez\u00f3n y el pecho y para facilitar la eyecci\u00f3n o salida de la leche.<\/li>\n<li>Practicaremos varias posiciones de lactancia con vuestro bebe para que la b\u00fasqueda y agarre del pecho sea m\u00e1s f\u00e1cil y sencilla.<\/li>\n<li>En la segunda parte de la revisi\u00f3n nos dedicamos por entero al lactante, por lo que lo desnudamos, lo pesamos en nuestra b\u00e1scula y lo medimos con el tall\u00edmetro, a la vez que observamos la presencia de varios reflejos. Os indicamos la ganancia diaria de peso y semanal para una <strong>lactancia materna feliz<\/strong>.<\/li>\n<li>Observaremos el cord\u00f3n umbilical, el estado de la piel, frenillo sublingual, corte de u\u00f1as, etc.<\/li>\n<li>Estableceremos lo 5 objetivos para una <strong>lactancia materna exitosa y feliz<\/strong>.<\/li>\n<li>Aprenderemos a entender el llanto del bebe y modos o formas de combatirlo y tranquilizarlo.<\/li>\n<li>Trataremos el sue\u00f1o del bebe, el colecho y las formas o rituales para adquirir h\u00e1bitos de sue\u00f1o saludables.<\/li>\n<\/ol>\n<h4>Duraci\u00f3n y coste del servicio<\/h4>\n<ul>\n<li><span class=\"yiv6921647026gmail-m_-8828000452940270619gmaildefault\">La consulta a domicilio durar\u00e1 aproximadamente 1 hora<\/span>.<\/li>\n<li><span class=\"yiv6921647026gmail-m_-8828000452940270619gmaildefault\">El precio de la consulta es de 40\u20ac para Alicante<\/span>. Para otras localidades, por favor <a href=\"\/contacto\">cont\u00e1ctanos<\/a>.<\/li>\n<\/ul>\n<\/div><div class=\"fusion-clearfix\"><\/div><\/div><\/div><\/div><\/div><div class=\"fusion-fullwidth fullwidth-box fusion-builder-row-2 fusion-flex-container nonhundred-percent-fullwidth non-hundred-percent-height-scrolling\" style=\"--awb-border-radius-top-left:0px;--awb-border-radius-top-right:0px;--awb-border-radius-bottom-right:0px;--awb-border-radius-bottom-left:0px;--awb-flex-wrap:wrap;\" ><div class=\"fusion-builder-row fusion-row fusion-flex-align-items-flex-start fusion-flex-content-wrap\" style=\"max-width:1996.8px;margin-left: calc(-4% \/ 2 );margin-right: calc(-4% \/ 2 );\"><div class=\"fusion-layout-column fusion_builder_column fusion-builder-column-4 fusion_builder_column_1_1 1_1 fusion-flex-column fusion-no-small-visibility\" style=\"--awb-bg-size:cover;--awb-width-large:100%;--awb-margin-top-large:0px;--awb-spacing-right-large:1.92%;--awb-margin-bottom-large:0px;--awb-spacing-left-large:1.92%;--awb-width-medium:100%;--awb-order-medium:0;--awb-spacing-right-medium:1.92%;--awb-spacing-left-medium:1.92%;--awb-width-small:100%;--awb-order-small:0;--awb-spacing-right-small:1.92%;--awb-spacing-left-small:1.92%;\"><div class=\"fusion-column-wrapper fusion-column-has-shadow fusion-flex-justify-content-flex-start fusion-content-layout-column\"><div class=\"fusion-separator fusion-full-width-sep\" style=\"align-self: center;margin-left: auto;margin-right: auto;margin-top:20px;width:100%;\"><\/div><\/div><\/div><div class=\"fusion-layout-column fusion_builder_column fusion-builder-column-5 fusion_builder_column_1_2 1_2 fusion-flex-column fusion-no-small-visibility\" style=\"--awb-bg-size:cover;--awb-width-large:50%;--awb-margin-top-large:0px;--awb-spacing-right-large:3.84%;--awb-margin-bottom-large:20px;--awb-spacing-left-large:3.84%;--awb-width-medium:100%;--awb-order-medium:0;--awb-spacing-right-medium:1.92%;--awb-spacing-left-medium:1.92%;--awb-width-small:100%;--awb-order-small:0;--awb-spacing-right-small:1.92%;--awb-spacing-left-small:1.92%;\"><div class=\"fusion-column-wrapper fusion-column-has-shadow fusion-flex-justify-content-flex-start fusion-content-layout-column\"><div class=\"fusion-text fusion-text-4\"><p style=\"text-align: right;\"><strong>MEDIDAS COVID-19<br \/>\n<\/strong>Cumplimos con la normativa indicada por la<\/p>\n<\/div><\/div><\/div><div class=\"fusion-layout-column fusion_builder_column fusion-builder-column-6 fusion_builder_column_1_2 1_2 fusion-flex-column fusion-no-small-visibility\" style=\"--awb-bg-size:cover;--awb-width-large:50%;--awb-margin-top-large:0px;--awb-spacing-right-large:3.84%;--awb-margin-bottom-large:20px;--awb-spacing-left-large:3.84%;--awb-width-medium:100%;--awb-order-medium:0;--awb-spacing-right-medium:1.92%;--awb-spacing-left-medium:1.92%;--awb-width-small:100%;--awb-order-small:0;--awb-spacing-right-small:1.92%;--awb-spacing-left-small:1.92%;\"><div class=\"fusion-column-wrapper fusion-column-has-shadow fusion-flex-justify-content-flex-start fusion-content-layout-column\"><div class=\"fusion-image-element\" style=\"text-align:left;--awb-margin-top:-28px;--awb-max-width:120px;--awb-caption-title-font-family:var(--h2_typography-font-family);--awb-caption-title-font-weight:var(--h2_typography-font-weight);--awb-caption-title-font-style:var(--h2_typography-font-style);--awb-caption-title-size:var(--h2_typography-font-size);--awb-caption-title-transform:var(--h2_typography-text-transform);--awb-caption-title-line-height:var(--h2_typography-line-height);--awb-caption-title-letter-spacing:var(--h2_typography-letter-spacing);\"><span class=\" fusion-imageframe imageframe-none imageframe-2 hover-type-none\"><img decoding=\"async\" width=\"230\" height=\"173\" alt=\"Enfermera del Beb\u00e9 - Yolanda Mart\u00ednez\" title=\"Enfermera del Beb\u00e9 &#8211; Yolanda Mart\u00ednez\" src=\"https:\/\/enfermeradelbebe.com\/wp-content\/uploads\/2021\/01\/stop-covid.png\" class=\"img-responsive wp-image-128\" srcset=\"https:\/\/enfermeradelbebe.com\/wp-content\/uploads\/2021\/01\/stop-covid-200x150.png 200w, https:\/\/enfermeradelbebe.com\/wp-content\/uploads\/2021\/01\/stop-covid.png 230w\" sizes=\"(max-width: 1024px) 100vw, (max-width: 640px) 100vw, 230px\" \/><\/span><\/div><\/div><\/div><div class=\"fusion-layout-column fusion_builder_column fusion-builder-column-7 fusion_builder_column_1_1 1_1 fusion-flex-column fusion-no-medium-visibility fusion-no-large-visibility\" style=\"--awb-bg-size:cover;--awb-width-large:100%;--awb-margin-top-large:0px;--awb-spacing-right-large:1.92%;--awb-margin-bottom-large:20px;--awb-spacing-left-large:1.92%;--awb-width-medium:100%;--awb-order-medium:0;--awb-spacing-right-medium:1.92%;--awb-spacing-left-medium:1.92%;--awb-width-small:100%;--awb-order-small:0;--awb-spacing-right-small:1.92%;--awb-spacing-left-small:1.92%;\"><div class=\"fusion-column-wrapper fusion-column-has-shadow fusion-flex-justify-content-flex-start fusion-content-layout-column\"><div class=\"fusion-separator fusion-full-width-sep\" style=\"align-self: center;margin-left: auto;margin-right: auto;margin-top:20px;width:100%;\"><\/div><div class=\"fusion-text fusion-text-5\"><p style=\"text-align: center;\"><strong>MEDIDAS COVID-19<br \/>\n<\/strong>Cumplimos con la normativa indicada por la<\/p>\n<\/div><div class=\"fusion-image-element\" style=\"text-align:center;--awb-max-width:160px;--awb-caption-title-font-family:var(--h2_typography-font-family);--awb-caption-title-font-weight:var(--h2_typography-font-weight);--awb-caption-title-font-style:var(--h2_typography-font-style);--awb-caption-title-size:var(--h2_typography-font-size);--awb-caption-title-transform:var(--h2_typography-text-transform);--awb-caption-title-line-height:var(--h2_typography-line-height);--awb-caption-title-letter-spacing:var(--h2_typography-letter-spacing);\"><span class=\" fusion-imageframe imageframe-none imageframe-3 hover-type-none\"><img decoding=\"async\" width=\"230\" height=\"173\" alt=\"Enfermera del Beb\u00e9 - Yolanda Mart\u00ednez\" title=\"Enfermera del Beb\u00e9 &#8211; Yolanda Mart\u00ednez\" src=\"https:\/\/enfermeradelbebe.com\/wp-content\/uploads\/2021\/01\/stop-covid.png\" class=\"img-responsive wp-image-128\" srcset=\"https:\/\/enfermeradelbebe.com\/wp-content\/uploads\/2021\/01\/stop-covid-200x150.png 200w, https:\/\/enfermeradelbebe.com\/wp-content\/uploads\/2021\/01\/stop-covid.png 230w\" sizes=\"(max-width: 1024px) 100vw, (max-width: 640px) 100vw, 230px\" \/><\/span><\/div><\/div><\/div><\/div><\/div><\/p>\n","protected":false},"excerpt":{"rendered":"","protected":false},"author":1,"featured_media":80,"parent":0,"menu_order":0,"comment_status":"closed","ping_status":"closed","template":"","meta":{"footnotes":""},"class_list":["post-76","page","type-page","status-publish","has-post-thumbnail","hentry"],"yoast_head":"<!-- This site is optimized with the Yoast SEO plugin v28.1 - https:\/\/yoast.com\/product\/yoast-seo-wordpress\/ -->\n<title>Lactancia materna feliz - Enfermera de beb\u00e9 - Una experiencia \u00fanica<\/title>\n<meta name=\"description\" content=\"Damos respuesta a todas tus inquietudes y te ayudamos a que amamantar a tu beb\u00e9 sea una experiencia \u00fanica. Disfruta de una lactancia materna feliz.\" \/>\n<meta name=\"robots\" content=\"index, follow, max-snippet:-1, max-image-preview:large, max-video-preview:-1\" \/>\n<link rel=\"canonical\" href=\"https:\/\/enfermeradelbebe.com\/?page_id=76\" \/>\n<meta property=\"og:locale\" content=\"es_ES\" \/>\n<meta property=\"og:type\" content=\"article\" \/>\n<meta property=\"og:title\" content=\"Lactancia materna feliz - Enfermera de beb\u00e9 - Una experiencia \u00fanica\" \/>\n<meta property=\"og:description\" content=\"Damos respuesta a todas tus inquietudes y te ayudamos a que amamantar a tu beb\u00e9 sea una experiencia \u00fanica. Disfruta de una lactancia materna feliz.\" \/>\n<meta property=\"og:url\" content=\"https:\/\/enfermeradelbebe.com\/?page_id=76\" \/>\n<meta property=\"og:site_name\" content=\"Enfermera del Beb\u00e9\" \/>\n<meta property=\"article:modified_time\" content=\"2021-01-06T18:52:40+00:00\" \/>\n<meta property=\"og:image\" content=\"https:\/\/enfermeradelbebe.com\/wp-content\/uploads\/2019\/09\/lactancia-materna-feliz.jpg\" \/>\n\t<meta property=\"og:image:width\" content=\"1920\" \/>\n\t<meta property=\"og:image:height\" content=\"1080\" \/>\n\t<meta property=\"og:image:type\" content=\"image\/jpeg\" \/>\n<meta name=\"twitter:card\" content=\"summary_large_image\" \/>\n<meta name=\"twitter:label1\" content=\"Tiempo de lectura\" \/>\n\t<meta name=\"twitter:data1\" content=\"16 minutos\" \/>\n<script type=\"application\/ld+json\" class=\"yoast-schema-graph\">{\"@context\":\"https:\\\/\\\/schema.org\",\"@graph\":[{\"@type\":\"WebPage\",\"@id\":\"https:\\\/\\\/enfermeradelbebe.com\\\/?page_id=76\",\"url\":\"https:\\\/\\\/enfermeradelbebe.com\\\/?page_id=76\",\"name\":\"Lactancia materna feliz - Enfermera de beb\u00e9 - Una experiencia \u00fanica\",\"isPartOf\":{\"@id\":\"https:\\\/\\\/enfermeradelbebe.com\\\/#website\"},\"primaryImageOfPage\":{\"@id\":\"https:\\\/\\\/enfermeradelbebe.com\\\/?page_id=76#primaryimage\"},\"image\":{\"@id\":\"https:\\\/\\\/enfermeradelbebe.com\\\/?page_id=76#primaryimage\"},\"thumbnailUrl\":\"https:\\\/\\\/enfermeradelbebe.com\\\/wp-content\\\/uploads\\\/2019\\\/09\\\/lactancia-materna-feliz.jpg\",\"datePublished\":\"2019-09-10T07:03:59+00:00\",\"dateModified\":\"2021-01-06T18:52:40+00:00\",\"description\":\"Damos respuesta a todas tus inquietudes y te ayudamos a que amamantar a tu beb\u00e9 sea una experiencia \u00fanica. Disfruta de una lactancia materna feliz.\",\"breadcrumb\":{\"@id\":\"https:\\\/\\\/enfermeradelbebe.com\\\/?page_id=76#breadcrumb\"},\"inLanguage\":\"es\",\"potentialAction\":[{\"@type\":\"ReadAction\",\"target\":[\"https:\\\/\\\/enfermeradelbebe.com\\\/?page_id=76\"]}]},{\"@type\":\"ImageObject\",\"inLanguage\":\"es\",\"@id\":\"https:\\\/\\\/enfermeradelbebe.com\\\/?page_id=76#primaryimage\",\"url\":\"https:\\\/\\\/enfermeradelbebe.com\\\/wp-content\\\/uploads\\\/2019\\\/09\\\/lactancia-materna-feliz.jpg\",\"contentUrl\":\"https:\\\/\\\/enfermeradelbebe.com\\\/wp-content\\\/uploads\\\/2019\\\/09\\\/lactancia-materna-feliz.jpg\",\"width\":1920,\"height\":1080,\"caption\":\"Enfermera del beb\u00e9 - Lactancia materna feliz\"},{\"@type\":\"BreadcrumbList\",\"@id\":\"https:\\\/\\\/enfermeradelbebe.com\\\/?page_id=76#breadcrumb\",\"itemListElement\":[{\"@type\":\"ListItem\",\"position\":1,\"name\":\"Portada\",\"item\":\"https:\\\/\\\/enfermeradelbebe.com\\\/\"},{\"@type\":\"ListItem\",\"position\":2,\"name\":\"Lactancia materna feliz\"}]},{\"@type\":\"WebSite\",\"@id\":\"https:\\\/\\\/enfermeradelbebe.com\\\/#website\",\"url\":\"https:\\\/\\\/enfermeradelbebe.com\\\/\",\"name\":\"Enfermera del Beb\u00e9\",\"description\":\"Otro sitio realizado con WordPress\",\"potentialAction\":[{\"@type\":\"SearchAction\",\"target\":{\"@type\":\"EntryPoint\",\"urlTemplate\":\"https:\\\/\\\/enfermeradelbebe.com\\\/?s={search_term_string}\"},\"query-input\":{\"@type\":\"PropertyValueSpecification\",\"valueRequired\":true,\"valueName\":\"search_term_string\"}}],\"inLanguage\":\"es\"}]}<\/script>\n<!-- \/ Yoast SEO plugin. -->","yoast_head_json":{"title":"Lactancia materna feliz - Enfermera de beb\u00e9 - Una experiencia \u00fanica","description":"Damos respuesta a todas tus inquietudes y te ayudamos a que amamantar a tu beb\u00e9 sea una experiencia \u00fanica. Disfruta de una lactancia materna feliz.","robots":{"index":"index","follow":"follow","max-snippet":"max-snippet:-1","max-image-preview":"max-image-preview:large","max-video-preview":"max-video-preview:-1"},"canonical":"https:\/\/enfermeradelbebe.com\/?page_id=76","og_locale":"es_ES","og_type":"article","og_title":"Lactancia materna feliz - Enfermera de beb\u00e9 - Una experiencia \u00fanica","og_description":"Damos respuesta a todas tus inquietudes y te ayudamos a que amamantar a tu beb\u00e9 sea una experiencia \u00fanica. Disfruta de una lactancia materna feliz.","og_url":"https:\/\/enfermeradelbebe.com\/?page_id=76","og_site_name":"Enfermera del Beb\u00e9","article_modified_time":"2021-01-06T18:52:40+00:00","og_image":[{"width":1920,"height":1080,"url":"https:\/\/enfermeradelbebe.com\/wp-content\/uploads\/2019\/09\/lactancia-materna-feliz.jpg","type":"image\/jpeg"}],"twitter_card":"summary_large_image","twitter_misc":{"Tiempo de lectura":"16 minutos"},"schema":{"@context":"https:\/\/schema.org","@graph":[{"@type":"WebPage","@id":"https:\/\/enfermeradelbebe.com\/?page_id=76","url":"https:\/\/enfermeradelbebe.com\/?page_id=76","name":"Lactancia materna feliz - Enfermera de beb\u00e9 - Una experiencia \u00fanica","isPartOf":{"@id":"https:\/\/enfermeradelbebe.com\/#website"},"primaryImageOfPage":{"@id":"https:\/\/enfermeradelbebe.com\/?page_id=76#primaryimage"},"image":{"@id":"https:\/\/enfermeradelbebe.com\/?page_id=76#primaryimage"},"thumbnailUrl":"https:\/\/enfermeradelbebe.com\/wp-content\/uploads\/2019\/09\/lactancia-materna-feliz.jpg","datePublished":"2019-09-10T07:03:59+00:00","dateModified":"2021-01-06T18:52:40+00:00","description":"Damos respuesta a todas tus inquietudes y te ayudamos a que amamantar a tu beb\u00e9 sea una experiencia \u00fanica. Disfruta de una lactancia materna feliz.","breadcrumb":{"@id":"https:\/\/enfermeradelbebe.com\/?page_id=76#breadcrumb"},"inLanguage":"es","potentialAction":[{"@type":"ReadAction","target":["https:\/\/enfermeradelbebe.com\/?page_id=76"]}]},{"@type":"ImageObject","inLanguage":"es","@id":"https:\/\/enfermeradelbebe.com\/?page_id=76#primaryimage","url":"https:\/\/enfermeradelbebe.com\/wp-content\/uploads\/2019\/09\/lactancia-materna-feliz.jpg","contentUrl":"https:\/\/enfermeradelbebe.com\/wp-content\/uploads\/2019\/09\/lactancia-materna-feliz.jpg","width":1920,"height":1080,"caption":"Enfermera del beb\u00e9 - Lactancia materna feliz"},{"@type":"BreadcrumbList","@id":"https:\/\/enfermeradelbebe.com\/?page_id=76#breadcrumb","itemListElement":[{"@type":"ListItem","position":1,"name":"Portada","item":"https:\/\/enfermeradelbebe.com\/"},{"@type":"ListItem","position":2,"name":"Lactancia materna feliz"}]},{"@type":"WebSite","@id":"https:\/\/enfermeradelbebe.com\/#website","url":"https:\/\/enfermeradelbebe.com\/","name":"Enfermera del Beb\u00e9","description":"Otro sitio realizado con WordPress","potentialAction":[{"@type":"SearchAction","target":{"@type":"EntryPoint","urlTemplate":"https:\/\/enfermeradelbebe.com\/?s={search_term_string}"},"query-input":{"@type":"PropertyValueSpecification","valueRequired":true,"valueName":"search_term_string"}}],"inLanguage":"es"}]}},"_links":{"self":[{"href":"https:\/\/enfermeradelbebe.com\/index.php?rest_route=\/wp\/v2\/pages\/76","targetHints":{"allow":["GET"]}}],"collection":[{"href":"https:\/\/enfermeradelbebe.com\/index.php?rest_route=\/wp\/v2\/pages"}],"about":[{"href":"https:\/\/enfermeradelbebe.com\/index.php?rest_route=\/wp\/v2\/types\/page"}],"author":[{"embeddable":true,"href":"https:\/\/enfermeradelbebe.com\/index.php?rest_route=\/wp\/v2\/users\/1"}],"replies":[{"embeddable":true,"href":"https:\/\/enfermeradelbebe.com\/index.php?rest_route=%2Fwp%2Fv2%2Fcomments&post=76"}],"version-history":[{"count":0,"href":"https:\/\/enfermeradelbebe.com\/index.php?rest_route=\/wp\/v2\/pages\/76\/revisions"}],"wp:featuredmedia":[{"embeddable":true,"href":"https:\/\/enfermeradelbebe.com\/index.php?rest_route=\/wp\/v2\/media\/80"}],"wp:attachment":[{"href":"https:\/\/enfermeradelbebe.com\/index.php?rest_route=%2Fwp%2Fv2%2Fmedia&parent=76"}],"curies":[{"name":"wp","href":"https:\/\/api.w.org\/{rel}","templated":true}]}}